{"id":4577,"date":"2025-03-07T13:28:55","date_gmt":"2025-03-07T12:28:55","guid":{"rendered":"https:\/\/www.chaper.es\/?page_id=4577"},"modified":"2025-04-26T09:54:13","modified_gmt":"2025-04-26T07:54:13","slug":"quienes-somos","status":"publish","type":"page","link":"https:\/\/www.chaper.es\/es\/quienes-somos\/","title":{"rendered":"QUIENES SOMOS"},"content":{"rendered":"<h1>\u00bfQUI\u00c9NES SOMOS?<\/h1>\n<div>\n<div style=\"background-color: rgba(124, 124, 124, 0.8); color: white; padding: 20px; border: 1px solid rgba(90, 90, 90, 0.8); border-radius: 5px;\">\n<p>Somos una empresa fundada en el Ripoll\u00e8s en 1980, con el objetivo de dedicarse a la mecanizaci\u00f3n de chapas y perfiles para la industria de diferentes sectores y a la fabricaci\u00f3n de elementos met\u00e1licos. Nuestra comarca es conocida, entre otras cosas, por una tradici\u00f3n hist\u00f3rica significativa en la forja y producci\u00f3n del hierro desde la \u00e9poca medieval. Las t\u00e9cnicas artesanales han ido evolucionando con los a\u00f1os y es a partir de la revoluci\u00f3n industrial que empieza a mecanizarse el proceso de forja. Actualmente la forja en el Ripoll\u00e8s sigue siendo una parte viva de la identidad cultural e hist\u00f3rica de la comarca, y nosotros nos sentimos orgullosos de formar parte de ella. En 2010 ampliamos nuestra producci\u00f3n poniendo en marcha un nuevo proyecto enfocado al mundo de la se\u00f1alizaci\u00f3n. Nuestros or\u00edgenes en el sector del metal nos permiten compaginar las dos actividades a la perfecci\u00f3n y realizar producciones a partir de cualquier tipo de material; desde el hierro hasta el acero inoxidable, corten, aluminio&#8230; Tambi\u00e9n adquirimos la marca Alucom de se\u00f1alizaci\u00f3n orientativa que ofrece una alta calidad y durabilidad ya que se compone de perfiles de aluminio extruido mucho m\u00e1s resistentes de los que se pueden encontrar habitualmente en el mercado. En Chaper disponemos de taller y recursos propios para poder realizar un servicio de producci\u00f3n totalmente integral, desde la planificaci\u00f3n inicial del proyecto, dise\u00f1o gr\u00e1fico e industrial, fabricaci\u00f3n y producci\u00f3n de los elementos, as\u00ed como tambi\u00e9n su montaje e implantaci\u00f3n. Ofrecemos un servicio adaptado y personalizado a las necesidades de cada cliente, orientando y asesor\u00e1ndole hasta alcanzar el resultado deseado, trabajando con materiales de calidad para aumentar la durabilidad, y cuidando mucho los acabados.<\/p>\n<p style=\"text-align: center; color: #cd0204; font-weight: bold;\">\u201c\u00c9sta es nuestra filosof\u00eda, trabajar bien y con materiales de m\u00e1xima calidad\u201d<\/p>\n<p>Para que todo esto sea posible contamos con un buen equipo de profesionales con a\u00f1os de experiencia en el sector. Cada pieza del engranaje de nuestra empresa es clave para el buen funcionamiento, as\u00ed como la retroalimentaci\u00f3n del cliente. Vosotros sois los que nos hac\u00e9is mejorar d\u00eda tras d\u00eda, un cliente satisfecho impulsa el \u00e9xito y el crecimiento de la empresa; de los comentarios positivos salimos reforzados y en los negativos encontramos oportunidades de mejora.<\/p>\n<\/div>\n<\/div>\n<ul>\n<li>\n<p>        <img decoding=\"async\" src=\"\/wp-content\/uploads\/2024\/11\/SOLDADURA.jpg\" alt=\"\"><\/p>\n<\/li>\n<li>\n<p>        <img decoding=\"async\" src=\"\/wp-content\/uploads\/2024\/11\/RETOLACIO-scaled.jpg\" alt=\"\"><\/p>\n<\/li>\n<li>\n<p>        <img decoding=\"async\" src=\"\/wp-content\/uploads\/2024\/07\/IMG_20240711_123436-scaled.jpg\" alt=\"\"><\/p>\n<\/li>\n<li>\n<p>        <img decoding=\"async\" src=\"\/wp-content\/uploads\/2024\/11\/NAU-22-scaled.jpg\" alt=\"\"><\/p>\n<\/li>\n<\/ul>\n<p><!--more--><br \/>\n<!-- {\"type\":\"layout\",\"children\":[{\"type\":\"section\",\"props\":{\"image_position\":\"center-center\",\"style\":\"default\",\"title_breakpoint\":\"xl\",\"title_position\":\"top-left\",\"title_rotation\":\"left\",\"vertical_align\":\"middle\",\"width\":\"default\"},\"children\":[{\"type\":\"row\",\"children\":[{\"type\":\"column\",\"props\":{\"image_position\":\"center-center\",\"position_sticky_breakpoint\":\"m\"},\"children\":[{\"type\":\"headline\",\"props\":{\"content\":\"\\u00bfQUI\\u00c9NES SOMOS?\",\"title_element\":\"h1\"}},{\"type\":\"text\",\"props\":{\"column_breakpoint\":\"m\",\"content\":\"\n\n<div style=\\\"background-color: rgba(124, 124, 124, 0.8); color: white; padding: 20px; border: 1px solid rgba(90, 90, 90, 0.8); border-radius: 5px;\\\">\\n\n\n<p>Somos una empresa fundada en el Ripoll\\u00e8s en 1980, con el objetivo de dedicarse a la mecanizaci\\u00f3n de chapas y perfiles para la industria de diferentes sectores y a la fabricaci\\u00f3n de elementos met\\u00e1licos. Nuestra comarca es conocida, entre otras cosas, por una tradici\\u00f3n hist\\u00f3rica significativa en la forja y producci\\u00f3n del hierro desde la \\u00e9poca medieval. Las t\\u00e9cnicas artesanales han ido evolucionando con los a\\u00f1os y es a partir de la revoluci\\u00f3n industrial que empieza a mecanizarse el proceso de forja. Actualmente la forja en el Ripoll\\u00e8s sigue siendo una parte viva de la identidad cultural e hist\\u00f3rica de la comarca, y nosotros nos sentimos orgullosos de formar parte de ella. En 2010 ampliamos nuestra producci\\u00f3n poniendo en marcha un nuevo proyecto enfocado al mundo de la se\\u00f1alizaci\\u00f3n. Nuestros or\\u00edgenes en el sector del metal nos permiten compaginar las dos actividades a la perfecci\\u00f3n y realizar producciones a partir de cualquier tipo de material; desde el hierro hasta el acero inoxidable, corten, aluminio... Tambi\\u00e9n adquirimos la marca Alucom de se\\u00f1alizaci\\u00f3n orientativa que ofrece una alta calidad y durabilidad ya que se compone de perfiles de aluminio extruido mucho m\\u00e1s resistentes de los que se pueden encontrar habitualmente en el mercado. En Chaper disponemos de taller y recursos propios para poder realizar un servicio de producci\\u00f3n totalmente integral, desde la planificaci\\u00f3n inicial del proyecto, dise\\u00f1o gr\\u00e1fico e industrial, fabricaci\\u00f3n y producci\\u00f3n de los elementos, as\\u00ed como tambi\\u00e9n su montaje e implantaci\\u00f3n. Ofrecemos un servicio adaptado y personalizado a las necesidades de cada cliente, orientando y asesor\\u00e1ndole hasta alcanzar el resultado deseado, trabajando con materiales de calidad para aumentar la durabilidad, y cuidando mucho los acabados.<\\\/p>\\n\n\n<p style=\\\"text-align: center; color: #cd0204; font-weight: bold;\\\">\\u201c\\u00c9sta es nuestra filosof\\u00eda, trabajar bien y con materiales de m\\u00e1xima calidad\\u201d<\\\/p>\\n\n\n<p>Para que todo esto sea posible contamos con un buen equipo de profesionales con a\\u00f1os de experiencia en el sector. Cada pieza del engranaje de nuestra empresa es clave para el buen funcionamiento, as\\u00ed como la retroalimentaci\\u00f3n del cliente. Vosotros sois los que nos hac\\u00e9is mejorar d\\u00eda tras d\\u00eda, un cliente satisfecho impulsa el \\u00e9xito y el crecimiento de la empresa; de los comentarios positivos salimos reforzados y en los negativos encontramos oportunidades de mejora.<\\\/p>\\n<\\\/div>\",\"margin\":\"default\",\"text_style\":\"lead\"}},{\"type\":\"slideshow\",\"props\":{\"link_style\":\"default\",\"link_text\":\"Read more\",\"margin\":\"default\",\"meta_align\":\"below-title\",\"meta_element\":\"div\",\"meta_style\":\"text-meta\",\"nav\":\"dotnav\",\"nav_align\":\"center\",\"nav_breakpoint\":\"s\",\"nav_position\":\"bottom-center\",\"nav_position_margin\":\"medium\",\"overlay_animation\":\"parallax\",\"overlay_position\":\"center-left\",\"show_content\":true,\"show_link\":true,\"show_meta\":true,\"show_thumbnail\":true,\"show_title\":true,\"slidenav\":\"default\",\"slidenav_breakpoint\":\"s\",\"slidenav_margin\":\"medium\",\"slidenav_outside_breakpoint\":\"xl\",\"slideshow_autoplay\":true,\"slideshow_autoplay_interval\":\"4\",\"slideshow_autoplay_pause\":true,\"slideshow_min_height\":300,\"thumbnav_height\":\"75\",\"thumbnav_svg_color\":\"emphasis\",\"thumbnav_width\":\"100\",\"title_element\":\"h3\",\"title_hover_style\":\"reset\"},\"children\":[{\"type\":\"slideshow_item\",\"props\":{\"image\":\"wp-content\\\/uploads\\\/2024\\\/11\\\/SOLDADURA.jpg\"}},{\"type\":\"slideshow_item\",\"props\":{\"image\":\"wp-content\\\/uploads\\\/2024\\\/11\\\/RETOLACIO-scaled.jpg\"}},{\"type\":\"slideshow_item\",\"props\":{\"image\":\"wp-content\\\/uploads\\\/2024\\\/07\\\/IMG_20240711_123436-scaled.jpg\"}},{\"type\":\"slideshow_item\",\"props\":{\"image\":\"wp-content\\\/uploads\\\/2024\\\/11\\\/NAU-22-scaled.jpg\"}}]}]}]}]}],\"version\":\"4.5.11\"} --><\/p>\n","protected":false},"excerpt":{"rendered":"<p>\u00bfQUI\u00c9NES SOMOS? Somos una empresa fundada en el Ripoll\u00e8s en 1980, con el objetivo de dedicarse a la mecanizaci\u00f3n de chapas y perfiles para la industria de diferentes sectores y a la fabricaci\u00f3n de elementos met\u00e1licos. Nuestra comarca es conocida, entre otras cosas, por una tradici\u00f3n hist\u00f3rica significativa en la forja y producci\u00f3n del hierro [&hellip;]<\/p>\n","protected":false},"author":3,"featured_media":0,"parent":0,"menu_order":0,"comment_status":"closed","ping_status":"closed","template":"","meta":{"footnotes":""},"categories":[],"tags":[],"class_list":["post-4577","page","type-page","status-publish","hentry"],"_links":{"self":[{"href":"https:\/\/www.chaper.es\/es\/wp-json\/wp\/v2\/pages\/4577","targetHints":{"allow":["GET"]}}],"collection":[{"href":"https:\/\/www.chaper.es\/es\/wp-json\/wp\/v2\/pages"}],"about":[{"href":"https:\/\/www.chaper.es\/es\/wp-json\/wp\/v2\/types\/page"}],"author":[{"embeddable":true,"href":"https:\/\/www.chaper.es\/es\/wp-json\/wp\/v2\/users\/3"}],"replies":[{"embeddable":true,"href":"https:\/\/www.chaper.es\/es\/wp-json\/wp\/v2\/comments?post=4577"}],"version-history":[{"count":5,"href":"https:\/\/www.chaper.es\/es\/wp-json\/wp\/v2\/pages\/4577\/revisions"}],"predecessor-version":[{"id":5667,"href":"https:\/\/www.chaper.es\/es\/wp-json\/wp\/v2\/pages\/4577\/revisions\/5667"}],"wp:attachment":[{"href":"https:\/\/www.chaper.es\/es\/wp-json\/wp\/v2\/media?parent=4577"}],"wp:term":[{"taxonomy":"category","embeddable":true,"href":"https:\/\/www.chaper.es\/es\/wp-json\/wp\/v2\/categories?post=4577"},{"taxonomy":"post_tag","embeddable":true,"href":"https:\/\/www.chaper.es\/es\/wp-json\/wp\/v2\/tags?post=4577"}],"curies":[{"name":"wp","href":"https:\/\/api.w.org\/{rel}","templated":true}]}}