{"id":4601,"date":"2024-11-29T15:47:55","date_gmt":"2024-11-29T14:47:55","guid":{"rendered":"https:\/\/www.chaper.es\/?page_id=4601"},"modified":"2025-04-26T14:07:15","modified_gmt":"2025-04-26T12:07:15","slug":"proyectos","status":"publish","type":"page","link":"https:\/\/www.chaper.es\/es\/proyectos\/","title":{"rendered":"PROYECTOS"},"content":{"rendered":"<h1>PROYECTOS<\/h1>\n<ul>\n<li>\n<p>        <img decoding=\"async\" src=\"\/wp-content\/uploads\/2024\/11\/FARISTOL-PETIT-scaled.jpg\" alt=\"\"><\/p>\n<h3>L\u2019escala<\/h3>\n<p><a href=\"https:\/\/www.chaper.es\/es\/proyectos-lescala\/\">+ INFO<\/a><\/p>\n<\/li>\n<li>\n<p>        <img decoding=\"async\" src=\"\/wp-content\/uploads\/2024\/11\/MONOLIT-_MAPA.jpg\" alt=\"\"><\/p>\n<h3>Castellter\u00e7ol<\/h3>\n<p><a href=\"https:\/\/www.chaper.es\/es\/proyectos-castelltercol\/\">+ INFO<\/a><\/p>\n<\/li>\n<li>\n<p>        <img decoding=\"async\" src=\"\/wp-content\/uploads\/2024\/11\/PLAFO-PARET-RESERVA-BIOSFERA.jpg\" alt=\"\"><\/p>\n<h3>Se\u00f1alizaci\u00f3n de infraestructuras<\/h3>\n<p><a href=\"https:\/\/www.chaper.es\/es\/proyectos-senalizacion-de-infraestructuras\/\">+ INFO<\/a><\/p>\n<\/li>\n<li>\n<p>        <img decoding=\"async\" src=\"\/wp-content\/uploads\/2024\/11\/CARTELLERA.jpg\" alt=\"\"><\/p>\n<h3>Mejora de la se\u00f1alizaci\u00f3n tur\u00edstica de Estamariu<\/h3>\n<p><a href=\"https:\/\/www.chaper.es\/es\/proyectos-mejora-de-la-senalizacion-turistica-de-estamariu\/\">+ INFO<\/a><\/p>\n<\/li>\n<li>\n<p>        <img decoding=\"async\" src=\"\/wp-content\/uploads\/2025\/02\/TOTEM-GARROTXA-CULTOUR-scaled-1.jpg\" alt=\"\"><\/p>\n<h3>Proyecto Garrotxa Cultour<\/h3>\n<p><a href=\"https:\/\/www.chaper.es\/es\/proyectos-garrotxa-cultour\/\">+ INFO<\/a><\/p>\n<\/li>\n<li>\n<p>        <img decoding=\"async\" src=\"\/wp-content\/uploads\/2024\/11\/19B-scaled.jpg\" alt=\"\"><\/p>\n<h3>Se\u00f1alizaci\u00f3n camino de Santiago (T\u00e0rrega y Alfarr\u00e0s)<\/h3>\n<p><a href=\"https:\/\/www.chaper.es\/es\/proyectos-senalizacion-camino-de-santiago\/\">+ INFO<\/a><\/p>\n<\/li>\n<li>\n<p>        <img decoding=\"async\" src=\"\/wp-content\/uploads\/2024\/11\/IMG-20221215-WA0012.jpg\" alt=\"\"><\/p>\n<h3>Cellera de Ter<\/h3>\n<p><a href=\"https:\/\/www.chaper.es\/es\/proyectos-bodega-de-ter\/\">+ INFO<\/a><\/p>\n<\/li>\n<li>\n<p>        <img decoding=\"async\" src=\"\/wp-content\/uploads\/2024\/11\/MODUL.jpg\" alt=\"\"><\/p>\n<h3>Navata<\/h3>\n<p><a href=\"https:\/\/www.chaper.es\/es\/proyectos-navata\/\">+ INFO<\/a><\/p>\n<\/li>\n<li>\n<p>        <img decoding=\"async\" src=\"\/wp-content\/uploads\/2024\/11\/CARTELLERA-1.jpg\" alt=\"\"><\/p>\n<h3>Vilabertran<\/h3>\n<p><a href=\"https:\/\/www.chaper.es\/es\/proyectos-vilabertran\/\">+ INFO<\/a><\/p>\n<\/li>\n<li>\n<p>        <img decoding=\"async\" src=\"\/wp-content\/uploads\/2024\/11\/1729589993559.jpg\" alt=\"\"><\/p>\n<h3>T\u00f3tems Ol\u00edmpicos Terrassa<\/h3>\n<p><a href=\"https:\/\/www.chaper.es\/es\/proyectos-totems-olimpicos-terraza\/\">+ INFO<\/a><\/p>\n<\/li>\n<li>\n<p>        <img decoding=\"async\" src=\"\/wp-content\/uploads\/2024\/11\/PORTA-LLETRES.jpg\" alt=\"\"><\/p>\n<h3>Masia Can Constans<\/h3>\n<p><a href=\"https:\/\/www.chaper.es\/es\/proyectos-masia-can-constans\/\">+ INFO<\/a><\/p>\n<\/li>\n<li>\n<p>        <img decoding=\"async\" src=\"\/wp-content\/uploads\/2024\/12\/CARTELLERA-S78Q.jpg\" alt=\"\"><\/p>\n<h3>Proyectos PALAFOLLS<\/h3>\n<p><a href=\"https:\/\/www.chaper.es\/es\/proyectos-palafols\/\">+ INFO<\/a><\/p>\n<\/li>\n<\/ul>\n<p><!--more--><br \/>\n<!-- {\"type\":\"layout\",\"children\":[{\"type\":\"section\",\"props\":{\"image_position\":\"center-center\",\"style\":\"default\",\"title_breakpoint\":\"xl\",\"title_position\":\"top-left\",\"title_rotation\":\"left\",\"vertical_align\":\"middle\",\"width\":\"default\"},\"children\":[{\"type\":\"row\",\"children\":[{\"type\":\"column\",\"props\":{\"image_position\":\"center-center\",\"position_sticky_breakpoint\":\"m\"},\"children\":[{\"type\":\"headline\",\"props\":{\"content\":\"PROYECTOS\",\"title_element\":\"h1\"}}]}]},{\"type\":\"row\",\"children\":[{\"type\":\"column\",\"props\":{\"image_position\":\"center-center\",\"position_sticky_breakpoint\":\"m\"},\"children\":[{\"type\":\"grid\",\"props\":{\"content_column_breakpoint\":\"m\",\"filter_align\":\"left\",\"filter_all\":true,\"filter_grid_breakpoint\":\"m\",\"filter_grid_width\":\"auto\",\"filter_position\":\"top\",\"filter_style\":\"tab\",\"grid_default\":\"1\",\"grid_medium\":\"3\",\"icon_width\":80,\"image_align\":\"top\",\"image_grid_breakpoint\":\"m\",\"image_grid_width\":\"1-2\",\"image_height\":\"400\",\"image_svg_color\":\"emphasis\",\"image_width\":\"400\",\"item_animation\":true,\"lightbox_bg_close\":true,\"link_style\":\"default\",\"link_text\":\"+ INFO\",\"margin\":\"default\",\"meta_align\":\"below-title\",\"meta_element\":\"div\",\"meta_style\":\"text-meta\",\"show_content\":true,\"show_hover_image\":true,\"show_hover_video\":true,\"show_image\":true,\"show_link\":true,\"show_meta\":true,\"show_title\":true,\"show_video\":true,\"title_align\":\"top\",\"title_element\":\"h3\",\"title_grid_breakpoint\":\"m\",\"title_grid_width\":\"1-2\",\"title_hover_style\":\"reset\",\"title_style\":\"h4\"},\"children\":[{\"type\":\"grid_item\",\"props\":{\"image\":\"wp-content\\\/uploads\\\/2024\\\/11\\\/FARISTOL-PETIT-scaled.jpg\",\"link\":\"projectes-lescala\\\/\",\"title\":\"L\\u2019escala\"}},{\"type\":\"grid_item\",\"props\":{\"image\":\"wp-content\\\/uploads\\\/2024\\\/11\\\/MONOLIT-_MAPA.jpg\",\"link\":\"projecte-castelltercol\\\/\",\"title\":\"Castellter\\u00e7ol\"}},{\"type\":\"grid_item\",\"props\":{\"image\":\"wp-content\\\/uploads\\\/2024\\\/11\\\/PLAFO-PARET-RESERVA-BIOSFERA.jpg\",\"link\":\"projecte-senyalitzacio-dinfraestructures\\\/\",\"title\":\"Se\\u00f1alizaci\\u00f3n de infraestructuras\"}},{\"type\":\"grid_item\",\"props\":{\"image\":\"wp-content\\\/uploads\\\/2024\\\/11\\\/CARTELLERA.jpg\",\"link\":\"projecte-millora-de-la-senyalitzacio-turistica-destamariu\\\/\",\"title\":\"Mejora de la se\\u00f1alizaci\\u00f3n tur\\u00edstica de Estamariu\"}},{\"type\":\"grid_item\",\"props\":{\"image\":\"wp-content\\\/uploads\\\/2025\\\/02\\\/TOTEM-GARROTXA-CULTOUR-scaled-1.jpg\",\"link\":\"projecte-garrotxa-cultour\\\/\",\"title\":\"Proyecto Garrotxa Cultour\"}},{\"type\":\"grid_item\",\"props\":{\"image\":\"wp-content\\\/uploads\\\/2024\\\/11\\\/19B-scaled.jpg\",\"link\":\"projectes-senyalitzacio-cami-de-st-jaume\\\/\",\"title\":\"Se\\u00f1alizaci\\u00f3n camino de Santiago (T\\u00e0rrega y Alfarr\\u00e0s)\"}},{\"type\":\"grid_item\",\"props\":{\"image\":\"wp-content\\\/uploads\\\/2024\\\/11\\\/IMG-20221215-WA0012.jpg\",\"link\":\"projectes-cellera-de-ter\\\/\",\"title\":\"Cellera de Ter\"}},{\"type\":\"grid_item\",\"props\":{\"image\":\"wp-content\\\/uploads\\\/2024\\\/11\\\/MODUL.jpg\",\"link\":\"projectes-navata\\\/\",\"title\":\"Navata\"}},{\"type\":\"grid_item\",\"props\":{\"image\":\"wp-content\\\/uploads\\\/2024\\\/11\\\/CARTELLERA-1.jpg\",\"link\":\"projectes-vilabertran\\\/\",\"title\":\"Vilabertran\"}},{\"type\":\"grid_item\",\"props\":{\"icon\":\"\",\"image\":\"wp-content\\\/uploads\\\/2024\\\/11\\\/1729589993559.jpg\",\"link\":\"projectes-totems-olimpics-terrassa\\\/\",\"title\":\"T\\u00f3tems Ol\\u00edmpicos Terrassa\"}},{\"type\":\"grid_item\",\"props\":{\"image\":\"wp-content\\\/uploads\\\/2024\\\/11\\\/PORTA-LLETRES.jpg\",\"link\":\"projectes-masia-can-constans\\\/\",\"title\":\"Masia Can Constans\"}},{\"type\":\"grid_item\",\"props\":{\"image\":\"wp-content\\\/uploads\\\/2024\\\/12\\\/CARTELLERA-S78Q.jpg\",\"link\":\"https:\\\/\\\/www.chaper.es\\\/projectes-palafolls\\\/\",\"title\":\"Proyectos PALAFOLLS\"}}]}]}]}]}],\"version\":\"4.5.11\"} --><\/p>\n","protected":false},"excerpt":{"rendered":"<p>PROYECTOS L\u2019escala + INFO Castellter\u00e7ol + INFO Se\u00f1alizaci\u00f3n de infraestructuras + INFO Mejora de la se\u00f1alizaci\u00f3n tur\u00edstica de Estamariu + INFO Proyecto Garrotxa Cultour + INFO Se\u00f1alizaci\u00f3n camino de Santiago (T\u00e0rrega y Alfarr\u00e0s) + INFO Cellera de Ter + INFO Navata + INFO Vilabertran + INFO T\u00f3tems Ol\u00edmpicos Terrassa + INFO Masia Can Constans + [&hellip;]<\/p>\n","protected":false},"author":4,"featured_media":0,"parent":0,"menu_order":0,"comment_status":"closed","ping_status":"closed","template":"","meta":{"footnotes":""},"categories":[],"tags":[],"class_list":["post-4601","page","type-page","status-publish","hentry"],"_links":{"self":[{"href":"https:\/\/www.chaper.es\/es\/wp-json\/wp\/v2\/pages\/4601","targetHints":{"allow":["GET"]}}],"collection":[{"href":"https:\/\/www.chaper.es\/es\/wp-json\/wp\/v2\/pages"}],"about":[{"href":"https:\/\/www.chaper.es\/es\/wp-json\/wp\/v2\/types\/page"}],"author":[{"embeddable":true,"href":"https:\/\/www.chaper.es\/es\/wp-json\/wp\/v2\/users\/4"}],"replies":[{"embeddable":true,"href":"https:\/\/www.chaper.es\/es\/wp-json\/wp\/v2\/comments?post=4601"}],"version-history":[{"count":5,"href":"https:\/\/www.chaper.es\/es\/wp-json\/wp\/v2\/pages\/4601\/revisions"}],"predecessor-version":[{"id":5751,"href":"https:\/\/www.chaper.es\/es\/wp-json\/wp\/v2\/pages\/4601\/revisions\/5751"}],"wp:attachment":[{"href":"https:\/\/www.chaper.es\/es\/wp-json\/wp\/v2\/media?parent=4601"}],"wp:term":[{"taxonomy":"category","embeddable":true,"href":"https:\/\/www.chaper.es\/es\/wp-json\/wp\/v2\/categories?post=4601"},{"taxonomy":"post_tag","embeddable":true,"href":"https:\/\/www.chaper.es\/es\/wp-json\/wp\/v2\/tags?post=4601"}],"curies":[{"name":"wp","href":"https:\/\/api.w.org\/{rel}","templated":true}]}}